{"id":3389,"date":"2021-06-17T18:22:08","date_gmt":"2021-06-17T16:22:08","guid":{"rendered":"https:\/\/urbex-team-bremen-nord.de\/?page_id=3389"},"modified":"2021-06-17T18:22:08","modified_gmt":"2021-06-17T16:22:08","slug":"luftschutzbunker-tropfstein","status":"publish","type":"page","link":"https:\/\/urbex-team-bremen-nord.de\/?page_id=3389","title":{"rendered":"Luftschutzbunker \u201eTropfstein\u201c"},"content":{"rendered":"\n<p>Nach einer relativ kurzen Anreise haben wir unser Ziel erreicht. Der Weg zum Luftschutzbunker f\u00fchrt an einigen Baracken vorbei, die zu einem ehemaligen Kriegsgefangenenlager geh\u00f6rten. Die Geb\u00e4ude befinden sich in einem guten Zustand \u2013 sind aber verschlossen.&nbsp;<\/p>\n\n\n\n<p>Gleich dahinter befinden sich die Luftschutzbunker, die eher einer Tropfsteinh\u00f6hle \u00e4hneln. Der Matsch steht in den R\u00e4umen so hoch, dass wir ohne Gummistiefel hier nicht weiterkommen w\u00fcrden. Das eigentlich spektakul\u00e4re an diesen Bunkeranlagen sind die Tropfsteine und die Gegenst\u00e4nde, die von den Tropfsteinen regelrecht verschlungen werden. Man findet sogar noch einen alten Kochtopf, der fast vollst\u00e4ndig von den Ablagerungen \u00fcberdeckt worden ist. Eine spektakul\u00e4re Kulisse, die wir so auch noch nicht gesehen haben.<\/p>\n\n\n<div id=\"grid-gallery-116-4748\" data-gg-id=\"116\" data-title=\"Luftschutzbunker \u201eTropfstein\u201c\" data-grid-type=\"0\" data-offset=\"5.3\" data-area-position=\"center\" data-icons=\"\" data-preloader=\"true\" data-width=\"215\" data-height=\"215\" data-padding=\"0\" data-quicksand=\"disabled\" data-quicksand-duration=\"none\" data-popup-theme=\"theme_6\" data-popup-type=\"pretty-photo\" data-popup-image-text=\"data-description\" data-popup-widthsize=\"auto\" data-popup-heightsize=\"auto\" data-popup-i18n-words=\"{&quot;close&quot;:&quot;schlie\\u00dfen&quot;,&quot;next&quot;:&quot;n\\u00e4chste&quot;,&quot;previous&quot;:&quot;vorherige&quot;,&quot;start_slideshow&quot;:&quot;Starte Slideshow&quot;,&quot;stop_slideshow&quot;:&quot;Stoppe Slideshow&quot;,&quot;image&quot;:&quot;Bild&quot;,&quot;of&quot;:&quot;von&quot;,&quot;prev&quot;:&quot;vorherige&quot;,&quot;cExpand&quot;:&quot;Erweitere&quot;,&quot;cPrevious&quot;:&quot;Vorheriges&quot;,&quot;cNext&quot;:&quot;N\\u00e4chstes&quot;,&quot;cExpandStr&quot;:&quot;Erweitere Bild&quot;,&quot;cRotate&quot;:&quot;Rotate&quot;,&quot;cDetails&quot;:&quot;Details&quot;}\" data-popup-slideshow=\"false\" data-popup-slideshow-speed=\"2500\" data-popup-hoverstop=\"true\" data-popup-slideshow-auto=\"false\" data-popup-background=\"\" data-popup-transparency=\"30\" data-popup-disable-history=\"\" data-popup-disable-changed-url=\"\" data-popup-border-type=\"solid\" data-popup-border-color=\"\" data-popup-border-width=\"\" data-popup-border-enable=\"\" data-fullscreen=\"false\" data-hide-tooltip=\"false\" data-caption-font-family=\"Default\" data-caption-text-size=\"140\" data-is-mobile=\"0\" data-caption-mobile=\"false\" data-hide-long-tltp-title=\"0\" data-caption-disabled-on-mobile=\"false\" data-popup-placement-type=\"0\" data-social-sharing=\"{&quot;enabled&quot;:&quot;&quot;,&quot;gallerySharing&quot;:{&quot;enabled&quot;:null,&quot;position&quot;:null},&quot;imageSharing&quot;:{&quot;enabled&quot;:null,&quot;wrapperClass&quot;:&quot; vertical &quot;},&quot;popupSharing&quot;:{&quot;enabled&quot;:null,&quot;wrapperClass&quot;:&quot; vertical &quot;}}\" class=\"grid-gallery grid-gallery-fixed \" style=\" width:100%; height:auto; margin-left:auto; margin-right:auto;position:relative;\"> <div class=\"gallery-loading\"> <div class=\"blocks\"> <div class=\"block\"><\/div> <div class=\"block\"><\/div> <div class=\"block\"><\/div> <div class=\"block\"><\/div> <\/div> <\/div> <div class=\"gallery-sharing-top\" style=\"display:none;\"> <\/div> <div id=\"photos-116\" class=\"grid-gallery-photos\"><FIGURE class=\"grid-gallery-caption\" data-grid-gallery-type=\"quarter-slide-up\" data-index=\"0\" style=\"display:none;border-radius:00;; margin:5.3px; width:2150;\" ><div class=\"crop\" style=\" width:2150; height:2150; overflow:hidden;\"><img decoding=\"async\" src=\"https:\/\/urbex-team-bremen-nord.de\/wp-content\/uploads\/2021\/06\/IMG_5596_7_8_Enhancer-scaled-215x215.jpg\" class=\"ggImg\" alt=\"Luftschutzbunker \u201eTropfstein\u201c\" title=\"Luftschutzbunker \u201eTropfstein\u201c\" data-description=\"Luftschutzbunker \u201eTropfstein\u201c\" data-caption=\"Luftschutzbunker \u201eTropfstein\u201c\" data-title=\"Luftschutzbunker \u201eTropfstein\u201c\" style=\" width:215px; height:215px;\" \/><\/div><FIGCAPTION class=\"\" data-alpha=\"5\" style=\"color:#ffffff; background-color:#6f0000; font-size:140; text-align:left; font-family:Default;\" ><div class=\"grid-gallery-figcaption-wrap\" style=\"\"><\/div><\/FIGCAPTION><\/FIGURE><FIGURE class=\"grid-gallery-caption\" data-grid-gallery-type=\"quarter-slide-up\" data-index=\"1\" style=\"display:none;border-radius:00;; margin:5.3px; width:2150;\" ><div class=\"crop\" style=\" width:2150; height:2150; overflow:hidden;\"><img decoding=\"async\" src=\"https:\/\/urbex-team-bremen-nord.de\/wp-content\/uploads\/2021\/06\/IMG_5568_69_70_Enhancer-scaled-215x215.jpg\" class=\"ggImg\" alt=\"Luftschutzbunker \u201eTropfstein\u201c\" title=\"Luftschutzbunker \u201eTropfstein\u201c\" data-description=\"Luftschutzbunker \u201eTropfstein\u201c\" data-caption=\"Luftschutzbunker \u201eTropfstein\u201c\" data-title=\"Luftschutzbunker \u201eTropfstein\u201c\" style=\" width:215px; height:215px;\" \/><\/div><FIGCAPTION class=\"\" data-alpha=\"5\" style=\"color:#ffffff; background-color:#6f0000; font-size:140; text-align:left; font-family:Default;\" ><div class=\"grid-gallery-figcaption-wrap\" style=\"\"><\/div><\/FIGCAPTION><\/FIGURE><FIGURE class=\"grid-gallery-caption\" data-grid-gallery-type=\"quarter-slide-up\" data-index=\"2\" style=\"display:none;border-radius:00;; margin:5.3px; width:2150;\" ><div class=\"crop\" style=\" width:2150; height:2150; overflow:hidden;\"><img decoding=\"async\" src=\"https:\/\/urbex-team-bremen-nord.de\/wp-content\/uploads\/2021\/06\/IMG_5572_3_4_Enhancer-scaled-215x215.jpg\" class=\"ggImg\" alt=\"Luftschutzbunker \u201eTropfstein\u201c\" title=\"Luftschutzbunker \u201eTropfstein\u201c\" data-description=\"Luftschutzbunker \u201eTropfstein\u201c\" data-caption=\"Luftschutzbunker \u201eTropfstein\u201c\" data-title=\"Luftschutzbunker \u201eTropfstein\u201c\" style=\" width:215px; height:215px;\" \/><\/div><FIGCAPTION class=\"\" data-alpha=\"5\" style=\"color:#ffffff; background-color:#6f0000; font-size:140; text-align:left; font-family:Default;\" ><div class=\"grid-gallery-figcaption-wrap\" style=\"\"><\/div><\/FIGCAPTION><\/FIGURE><FIGURE class=\"grid-gallery-caption\" data-grid-gallery-type=\"quarter-slide-up\" data-index=\"3\" style=\"display:none;border-radius:00;; margin:5.3px; width:2150;\" ><div class=\"crop\" style=\" width:2150; height:2150; overflow:hidden;\"><img decoding=\"async\" src=\"https:\/\/urbex-team-bremen-nord.de\/wp-content\/uploads\/2021\/06\/IMG_5580_1_2_Enhancer-scaled-215x215.jpg\" class=\"ggImg\" alt=\"Luftschutzbunker \u201eTropfstein\u201c\" title=\"Luftschutzbunker \u201eTropfstein\u201c\" data-description=\"Luftschutzbunker \u201eTropfstein\u201c\" data-caption=\"Luftschutzbunker \u201eTropfstein\u201c\" data-title=\"Luftschutzbunker \u201eTropfstein\u201c\" style=\" width:215px; height:215px;\" \/><\/div><FIGCAPTION class=\"\" data-alpha=\"5\" style=\"color:#ffffff; background-color:#6f0000; font-size:140; text-align:left; font-family:Default;\" ><div class=\"grid-gallery-figcaption-wrap\" style=\"\"><\/div><\/FIGCAPTION><\/FIGURE><FIGURE class=\"grid-gallery-caption\" data-grid-gallery-type=\"quarter-slide-up\" data-index=\"4\" style=\"display:none;border-radius:00;; margin:5.3px; width:2150;\" ><div class=\"crop\" style=\" width:2150; height:2150; overflow:hidden;\"><img decoding=\"async\" src=\"https:\/\/urbex-team-bremen-nord.de\/wp-content\/uploads\/2021\/06\/IMG_5535_6_7_Enhancer-scaled-215x215.jpg\" class=\"ggImg\" alt=\"Luftschutzbunker \u201eTropfstein\u201c\" title=\"Luftschutzbunker \u201eTropfstein\u201c\" data-description=\"Luftschutzbunker \u201eTropfstein\u201c\" data-caption=\"Luftschutzbunker \u201eTropfstein\u201c\" data-title=\"Luftschutzbunker \u201eTropfstein\u201c\" style=\" width:215px; height:215px;\" \/><\/div><FIGCAPTION class=\"\" data-alpha=\"5\" style=\"color:#ffffff; background-color:#6f0000; font-size:140; text-align:left; font-family:Default;\" ><div class=\"grid-gallery-figcaption-wrap\" style=\"\"><\/div><\/FIGCAPTION><\/FIGURE><FIGURE class=\"grid-gallery-caption\" data-grid-gallery-type=\"quarter-slide-up\" data-index=\"5\" style=\"display:none;border-radius:00;; margin:5.3px; width:2150;\" ><div class=\"crop\" style=\" width:2150; height:2150; overflow:hidden;\"><img decoding=\"async\" src=\"https:\/\/urbex-team-bremen-nord.de\/wp-content\/uploads\/2021\/06\/IMG_5527_8_9_Enhancer-scaled-215x215.jpg\" class=\"ggImg\" alt=\"Luftschutzbunker \u201eTropfstein\u201c\" title=\"Luftschutzbunker \u201eTropfstein\u201c\" data-description=\"Luftschutzbunker \u201eTropfstein\u201c\" data-caption=\"Luftschutzbunker \u201eTropfstein\u201c\" data-title=\"Luftschutzbunker \u201eTropfstein\u201c\" style=\" width:215px; height:215px;\" \/><\/div><FIGCAPTION class=\"\" data-alpha=\"5\" style=\"color:#ffffff; background-color:#6f0000; font-size:140; text-align:left; font-family:Default;\" ><div class=\"grid-gallery-figcaption-wrap\" style=\"\"><\/div><\/FIGCAPTION><\/FIGURE><FIGURE class=\"grid-gallery-caption\" data-grid-gallery-type=\"quarter-slide-up\" data-index=\"6\" style=\"display:none;border-radius:00;; margin:5.3px; width:2150;\" ><div class=\"crop\" style=\" width:2150; height:2150; overflow:hidden;\"><img decoding=\"async\" src=\"https:\/\/urbex-team-bremen-nord.de\/wp-content\/uploads\/2021\/06\/IMG_5564_5_6_Enhancer-scaled-215x215.jpg\" class=\"ggImg\" alt=\"Luftschutzbunker \u201eTropfstein\u201c\" title=\"Luftschutzbunker \u201eTropfstein\u201c\" data-description=\"Luftschutzbunker \u201eTropfstein\u201c\" data-caption=\"Luftschutzbunker \u201eTropfstein\u201c\" data-title=\"Luftschutzbunker \u201eTropfstein\u201c\" style=\" width:215px; height:215px;\" \/><\/div><FIGCAPTION class=\"\" data-alpha=\"5\" style=\"color:#ffffff; background-color:#6f0000; font-size:140; text-align:left; font-family:Default;\" ><div class=\"grid-gallery-figcaption-wrap\" style=\"\"><\/div><\/FIGCAPTION><\/FIGURE><FIGURE class=\"grid-gallery-caption\" data-grid-gallery-type=\"quarter-slide-up\" data-index=\"7\" style=\"display:none;border-radius:00;; margin:5.3px; width:2150;\" ><div class=\"crop\" style=\" width:2150; height:2150; overflow:hidden;\"><img decoding=\"async\" src=\"https:\/\/urbex-team-bremen-nord.de\/wp-content\/uploads\/2021\/06\/IMG_5539_40_41_Enhancer-scaled-215x215.jpg\" class=\"ggImg\" alt=\"Luftschutzbunker \u201eTropfstein\u201c\" title=\"Luftschutzbunker \u201eTropfstein\u201c\" data-description=\"Luftschutzbunker \u201eTropfstein\u201c\" data-caption=\"Luftschutzbunker \u201eTropfstein\u201c\" data-title=\"Luftschutzbunker \u201eTropfstein\u201c\" style=\" width:215px; height:215px;\" \/><\/div><FIGCAPTION class=\"\" data-alpha=\"5\" style=\"color:#ffffff; background-color:#6f0000; font-size:140; text-align:left; font-family:Default;\" ><div class=\"grid-gallery-figcaption-wrap\" style=\"\"><\/div><\/FIGCAPTION><\/FIGURE><FIGURE class=\"grid-gallery-caption\" data-grid-gallery-type=\"quarter-slide-up\" data-index=\"8\" style=\"display:none;border-radius:00;; margin:5.3px; width:2150;\" ><div class=\"crop\" style=\" width:2150; height:2150; overflow:hidden;\"><img decoding=\"async\" src=\"https:\/\/urbex-team-bremen-nord.de\/wp-content\/uploads\/2021\/06\/IMG_5624_5_6_Enhancer-scaled-215x215.jpg\" class=\"ggImg\" alt=\"Luftschutzbunker \u201eTropfstein\u201c\" title=\"Luftschutzbunker \u201eTropfstein\u201c\" data-description=\"Luftschutzbunker \u201eTropfstein\u201c\" data-caption=\"Luftschutzbunker \u201eTropfstein\u201c\" data-title=\"Luftschutzbunker \u201eTropfstein\u201c\" style=\" width:215px; height:215px;\" \/><\/div><FIGCAPTION class=\"\" data-alpha=\"5\" style=\"color:#ffffff; background-color:#6f0000; font-size:140; text-align:left; font-family:Default;\" ><div class=\"grid-gallery-figcaption-wrap\" style=\"\"><\/div><\/FIGCAPTION><\/FIGURE><FIGURE class=\"grid-gallery-caption\" data-grid-gallery-type=\"quarter-slide-up\" data-index=\"9\" style=\"display:none;border-radius:00;; margin:5.3px; width:2150;\" ><div class=\"crop\" style=\" width:2150; height:2150; overflow:hidden;\"><img decoding=\"async\" src=\"https:\/\/urbex-team-bremen-nord.de\/wp-content\/uploads\/2021\/06\/IMG_5616_7_8_Enhancer-scaled-215x215.jpg\" class=\"ggImg\" alt=\"Luftschutzbunker \u201eTropfstein\u201c\" title=\"Luftschutzbunker \u201eTropfstein\u201c\" data-description=\"Luftschutzbunker \u201eTropfstein\u201c\" data-caption=\"Luftschutzbunker \u201eTropfstein\u201c\" data-title=\"Luftschutzbunker \u201eTropfstein\u201c\" style=\" width:215px; height:215px;\" \/><\/div><FIGCAPTION class=\"\" data-alpha=\"5\" style=\"color:#ffffff; background-color:#6f0000; font-size:140; text-align:left; font-family:Default;\" ><div class=\"grid-gallery-figcaption-wrap\" style=\"\"><\/div><\/FIGCAPTION><\/FIGURE><FIGURE class=\"grid-gallery-caption\" data-grid-gallery-type=\"quarter-slide-up\" data-index=\"10\" style=\"display:none;border-radius:00;; margin:5.3px; width:2150;\" ><div class=\"crop\" style=\" width:2150; height:2150; overflow:hidden;\"><img decoding=\"async\" src=\"https:\/\/urbex-team-bremen-nord.de\/wp-content\/uploads\/2021\/06\/IMG_5584_5_6_Enhancer-scaled-215x215.jpg\" class=\"ggImg\" alt=\"Luftschutzbunker \u201eTropfstein\u201c\" title=\"Luftschutzbunker \u201eTropfstein\u201c\" data-description=\"Luftschutzbunker \u201eTropfstein\u201c\" data-caption=\"Luftschutzbunker \u201eTropfstein\u201c\" data-title=\"Luftschutzbunker \u201eTropfstein\u201c\" style=\" width:215px; height:215px;\" \/><\/div><FIGCAPTION class=\"\" data-alpha=\"5\" style=\"color:#ffffff; background-color:#6f0000; font-size:140; text-align:left; font-family:Default;\" ><div class=\"grid-gallery-figcaption-wrap\" style=\"\"><\/div><\/FIGCAPTION><\/FIGURE> <div class=\"grid-gallery-clearfix\"><\/div> <\/div> <div class=\"gallery-sharing-bottom\" style=\"display:none;\"> <\/div> <div class=\"gallery-sharing-image\" style=\"display:none;\"> <\/div> <div class=\"gallery-sharing-popup\" style=\"display:none;\"> <\/div> <div class=\"grid-gallery-clearfix\"><\/div> <\/div> <!-- Gallery by Supsystic plugin1.15.25 --><a title=\"Wordpress Gallery Plugin Free\" style=\"display:none;\" href=\"https:\/\/supsystic.com\/plugins\/photo-gallery\/?utm_medium=love_link\" target=\"_blank\">Wordpress Gallery Plugin Free<\/a>\n\n\n\n<p><\/p>\n","protected":false},"excerpt":{"rendered":"<p>Nach einer relativ kurzen Anreise haben wir unser Ziel erreicht. Der Weg zum Luftschutzbunker f\u00fchrt an einigen Baracken vorbei, die zu einem ehemaligen Kriegsgefangenenlager geh\u00f6rten. Die Geb\u00e4ude befinden sich in einem guten Zustand \u2013 sind aber verschlossen.&nbsp; Gleich dahinter befinden sich die Luftschutzbunker, die eher einer Tropfsteinh\u00f6hle \u00e4hneln. Der Matsch steht in den R\u00e4umen so &hellip; <a href=\"https:\/\/urbex-team-bremen-nord.de\/?page_id=3389\" class=\"more-link\"><span class=\"screen-reader-text\">Luftschutzbunker \u201eTropfstein\u201c<\/span> weiterlesen<\/a><\/p>\n","protected":false},"author":2,"featured_media":0,"parent":0,"menu_order":0,"comment_status":"closed","ping_status":"closed","template":"","meta":{"ngg_post_thumbnail":0,"footnotes":""},"class_list":["post-3389","page","type-page","status-publish","hentry"],"_links":{"self":[{"href":"https:\/\/urbex-team-bremen-nord.de\/index.php?rest_route=\/wp\/v2\/pages\/3389","targetHints":{"allow":["GET"]}}],"collection":[{"href":"https:\/\/urbex-team-bremen-nord.de\/index.php?rest_route=\/wp\/v2\/pages"}],"about":[{"href":"https:\/\/urbex-team-bremen-nord.de\/index.php?rest_route=\/wp\/v2\/types\/page"}],"author":[{"embeddable":true,"href":"https:\/\/urbex-team-bremen-nord.de\/index.php?rest_route=\/wp\/v2\/users\/2"}],"replies":[{"embeddable":true,"href":"https:\/\/urbex-team-bremen-nord.de\/index.php?rest_route=%2Fwp%2Fv2%2Fcomments&post=3389"}],"version-history":[{"count":1,"href":"https:\/\/urbex-team-bremen-nord.de\/index.php?rest_route=\/wp\/v2\/pages\/3389\/revisions"}],"predecessor-version":[{"id":3391,"href":"https:\/\/urbex-team-bremen-nord.de\/index.php?rest_route=\/wp\/v2\/pages\/3389\/revisions\/3391"}],"wp:attachment":[{"href":"https:\/\/urbex-team-bremen-nord.de\/index.php?rest_route=%2Fwp%2Fv2%2Fmedia&parent=3389"}],"curies":[{"name":"wp","href":"https:\/\/api.w.org\/{rel}","templated":true}]}}